{"id":1099,"date":"2013-11-05T12:00:32","date_gmt":"2013-11-05T11:00:32","guid":{"rendered":"https:\/\/www.santjosep.org\/?page_id=1099"},"modified":"2025-04-24T08:46:07","modified_gmt":"2025-04-24T06:46:07","slug":"can-jeroni","status":"publish","type":"page","link":"https:\/\/www.santjosep.org\/es\/tu-municipio\/cultura-y-patrimonio\/can-jeroni\/","title":{"rendered":"Centro de Cultura Can Jeroni"},"content":{"rendered":"<p><img loading=\"lazy\" class=\"alignnone size-full wp-image-16765\" src=\"https:\/\/www.santjosep.org\/wp-content\/uploads\/2017\/02\/can-jeroni-fachada-trasera.jpg\" alt=\"can jeroni fachada trasera\" width=\"5760\" height=\"3840\" srcset=\"https:\/\/www.santjosep.org\/wp-content\/uploads\/2017\/02\/can-jeroni-fachada-trasera.jpg 5760w, https:\/\/www.santjosep.org\/wp-content\/uploads\/2017\/02\/can-jeroni-fachada-trasera-342x228.jpg 342w, https:\/\/www.santjosep.org\/wp-content\/uploads\/2017\/02\/can-jeroni-fachada-trasera-800x533.jpg 800w, https:\/\/www.santjosep.org\/wp-content\/uploads\/2017\/02\/can-jeroni-fachada-trasera-45x30.jpg 45w, https:\/\/www.santjosep.org\/wp-content\/uploads\/2017\/02\/can-jeroni-fachada-trasera-624x416.jpg 624w, https:\/\/www.santjosep.org\/wp-content\/uploads\/2017\/02\/can-jeroni-fachada-trasera-150x100.jpg 150w\" sizes=\"(max-width: 5760px) 100vw, 5760px\" \/><\/p>\n<p><strong>Calle de sa Talaia 21, Sant Josep de sa Talaia<\/strong><br \/>\n<strong> Tel\u00e9fono: 871 556 504<\/strong><\/p>\n<p><strong>SALA DE CINE<\/strong><br \/>\nAcceso 30 minutos antes de la funci\u00f3n<\/p>\n<p><strong>SALA DE EXPOSICIONES<\/strong><br \/>\nEspacio abierto durante las exposiciones temporales<br \/>\nDe mi\u00e9rcoles a domingo de 10.30 a 13.30 h, y de jueves a s\u00e1bado de 18 h a 21 h<\/p>\n<p>Consulta la programaci\u00f3n en <a href=\"https:\/\/cultura.santjosep.org\/es\/\" target=\"_blank\" rel=\"noopener\">cultura.santjosep.org<\/a><\/p>\n<div class=\"su-divider\"><\/div>\n<p><a href=\"https:\/\/santjosep.sedelectronica.es\/catalog\/tw\/295b7967-acba-4cd3-b405-22ee5ccfb664\" class=\"su-button su-button-style-flat\" style=\"color:#FFFFFF;background-color:#0088CB;border-color:#006da2;border-radius:20px;-moz-border-radius:20px;-webkit-border-radius:20px\" target=\"_blank\"><span style=\"color:#FFFFFF;padding:0px 24px;font-size:18px;line-height:36px;border-color:#4dacdb;border-radius:20px;-moz-border-radius:20px;-webkit-border-radius:20px;text-shadow:0 0 1px #00527a;-moz-text-shadow:0 0 1px #00527a;-webkit-text-shadow:0 0 1px #00527a\"> TR\u00c1MITE DE SOLICITUD DEL ESPACIO<\/span><\/a><\/p>\n<p><!--[agenda categoria=\"can-jeroni\" title=\"pr\u00f3ximos eventos en Can Jeroni\" language=\"es\"][\/agenda]\n\n<a class=\"cf_lft\" href=\"https:\/\/www.santjosep.org\/wp-content\/uploads\/2022\/08\/programa-cultura-agosto2022.pdf\">Ver agenda completa<\/a>--><\/p>\n","protected":false},"excerpt":{"rendered":"<p>Calle de sa Talaia 21, Sant Josep de sa Talaia Tel\u00e9fono: 871 556 504 SALA DE CINE Acceso 30 minutos antes de la funci\u00f3n SALA DE EXPOSICIONES Espacio abierto durante las exposiciones temporales De mi\u00e9rcoles a domingo de 10.30 a 13.30 h, y de jueves a s\u00e1bado de 18 h a 21 h Consulta la [&hellip;]<\/p>\n","protected":false},"author":1,"featured_media":3559,"parent":201,"menu_order":0,"comment_status":"closed","ping_status":"open","template":"page-templates\/page-two-columns.php","meta":[],"_links":{"self":[{"href":"https:\/\/www.santjosep.org\/es\/wp-json\/wp\/v2\/pages\/1099\/"}],"collection":[{"href":"https:\/\/www.santjosep.org\/es\/wp-json\/wp\/v2\/pages\/"}],"about":[{"href":"https:\/\/www.santjosep.org\/es\/wp-json\/wp\/v2\/types\/page\/"}],"author":[{"embeddable":true,"href":"https:\/\/www.santjosep.org\/es\/wp-json\/wp\/v2\/users\/1\/"}],"replies":[{"embeddable":true,"href":"https:\/\/www.santjosep.org\/es\/wp-json\/wp\/v2\/comments\/?post=1099"}],"version-history":[{"count":0,"href":"https:\/\/www.santjosep.org\/es\/wp-json\/wp\/v2\/pages\/1099\/revisions\/"}],"up":[{"embeddable":true,"href":"https:\/\/www.santjosep.org\/es\/wp-json\/wp\/v2\/pages\/201\/"}],"wp:featuredmedia":[{"embeddable":true,"href":"https:\/\/www.santjosep.org\/es\/wp-json\/wp\/v2\/media\/3559\/"}],"wp:attachment":[{"href":"https:\/\/www.santjosep.org\/es\/wp-json\/wp\/v2\/media\/?parent=1099"}],"curies":[{"name":"wp","href":"https:\/\/api.w.org\/{rel}","templated":true}]}}