{"id":207,"date":"2013-08-29T12:36:51","date_gmt":"2013-08-29T12:36:51","guid":{"rendered":"https:\/\/www.santjosep.org\/?page_id=207"},"modified":"2022-02-25T08:29:33","modified_gmt":"2022-02-25T07:29:33","slug":"servicios-sociales","status":"publish","type":"page","link":"https:\/\/www.santjosep.org\/es\/tu-municipio\/servicios-sociales\/","title":{"rendered":"Servicios sociales"},"content":{"rendered":"<p><a href='unidades-de-intervencion' class='ss-building pika_landing'>Unidades de<br \/>\nintervenci\u00f3n<\/a><\/p>\n<p><!--[pika clase=\"usergroup\" nom=\"Reci\u00e9n\nllegados\" url=\"recien-llegados\"][\/pika]--><\/p>\n<div class=\"su-divider\"><\/div>\n<h2>Servicios Sociales comunitarios b\u00e1sicos<\/h2>\n<p><strong> \u00bfQUIEN SOMOS?<\/strong><br \/>\nLos servicios sociales comunitarios b\u00e1sicos son el primer nivel de atenci\u00f3n para dar cobertura a las necesidades sociales b\u00e1sicas de la poblaci\u00f3n. Nuestra finalidad es obtener el nivel m\u00e1s alto posible de bienestar social as\u00ed como favorecer el pleno desarrollo de las personas de nuestro municipio.<\/p>\n<p><strong> \u00bfQUI\u00c9NES TRABAJAMOS?<\/strong><br \/>\nEn los servicios sociales comunitarios b\u00e1sicos del Ajuntament de Sant Josep de sa Talaia trabajamos un equipo multidisciplinario formado por:<\/p>\n<p>&#8211; Trabajadoras Sociales<br \/>\n&#8211; Educadoras Sociales<br \/>\n&#8211; Auxiliares Administrativas<br \/>\n&#8211; Trabajadoras Familiares<br \/>\n&#8211; Psic\u00f3loga <\/p>\n<p><strong> \u00bfA QUIEN DIRIGIMOS NUESTROS SERVICIOS?<\/strong><br \/>\nNuestros servicios van dirigidos a toda la poblaci\u00f3n en general residente en el municipio de Sant Josep de sa Talaia.<\/p>\n<p><strong> \u00bfQU\u00c9 QUEREMOS CONSEGUIR?<\/strong><\/p>\n<ul>\n<li>Promover la integraci\u00f3n social de la ciudadan\u00eda y favorecer una mejor\u00eda en sus condiciones de vida.<\/li>\n<li>Dar soporte y colaborar en la resoluci\u00f3n de problemas y\/o conflictos de las personas y grupos que est\u00e9n en situaci\u00f3n de necesidad.<\/li>\n<\/ul>\n<p><strong> \u00bfQU\u00c9 HACEMOS?<\/strong><\/p>\n<ol>\n<li>Informaci\u00f3n, orientaci\u00f3n, valoraci\u00f3n y movilizaci\u00f3n de recursos.<\/li>\n<li>Prestaciones y actuaciones de soporte a la unidad de convivencia y de ayuda a domicilio.<\/li>\n<li>Prestaciones, actuaciones y medidas de alojamiento alternativo.<\/li>\n<li>Prestaciones y actuaciones de prevenci\u00f3n e inserci\u00f3n social.<\/li>\n<li>Recursos complementarios para la cobertura de necesidades de subsistencia.<\/li>\n<li>Fomento de la solidaridad y cooperaci\u00f3n social.<\/li>\n<\/ol>\n<p><strong> \u00bfQU\u00c9 PROGRAMAS Y SERVICIOS OFRECEMOS?<\/strong><\/p>\n<ul>\n<li>Tramitaci\u00f3n de ayudas para la cobertura de necesidades b\u00e1sicas.<\/li>\n<li>Programa de intervenci\u00f3n socioeducativa con personas inmigrantes. La finalidad de este programa es mejorar la acogida, la integraci\u00f3n, ocupaci\u00f3n, vivienda y acceso a los recursos de la poblaci\u00f3n inmigrante de nuestro municipio.<\/li>\n<li>Programa dirigido a prevenir y actuar sobre las necesidades de las familias m\u00e1s desfavorecidas de nuestro entorno.<\/li>\n<li>Programa de intervenci\u00f3n socioeducativa para j\u00f3venes en riesgo de exclusi\u00f3n social ALTER. <\/li>\n<li>Programa de intervenci\u00f3n socioeducativa con menores y familia. PISEMIF: Programa para prevenir el absentismo y el fracaso escolar, se trabaja conjuntamente con los profesionales de los centros educativos.<\/li>\n<li>Servicio de ayuda a domicilio (SAD) Este servicio se dirige a familias que tienen a su cargo personas que se encuentran en una situaci\u00f3n de especial necesidad por falta de autonom\u00eda personal. El servicio constituye todo un conjunto de actuaciones dirigidas a facilitar el desarrollo o mantenimiento de la autonom\u00eda personal, prevenir o retrasar el deterioro individual o social y promover condiciones favorables en las relaciones familiares de convivencia contribuyendo de esta manera a la integraci\u00f3n, sea personal, psicosocial, dom\u00e9stico y asistencial.<\/li>\n<li>Teleasistencia. El servicio de Teleasistencia domiciliaria est\u00e1 dirigido principalmente a personas mayores que viven, o pasan gran parte del d\u00eda, solas en sus domicilios, a personas con discapacidad f\u00edsica, a personas con problemas de movilidad y a enfermos cr\u00f3nicos. El servicio permite al usuario, tan solo apretando un bot\u00f3n, ponerse en contacto verbal \u201cmanos libres\u201d con un centro de atenci\u00f3n donde ser\u00e1 atendido las 24 horas del d\u00eda y los 365 d\u00edas al a\u00f1o.<\/li>\n<li>Servicio de comida a domicilio <\/li>\n<\/ul>\n<div class=\"su-divider\"><\/div>\n<h2>\u00bfQU\u00c9 TR\u00c1MITES REALIZAMOS?<\/h2>\n<h4><span style=\"text-decoration: underline;\">Informe de disponibilidad de vivienda.<\/span><\/h4>\n<div class=\"back_gris su-column-size-1-2 su-column\">\n<p>Las personas que quieran tramitar reagrupaci\u00f3n familiar deben solicitar un informe expedido por la corporaci\u00f3n local, del lugar de residencia del reagrupante. Este informa ha de constatar si la persona solicitante dispone de una vivienda suficiente para \u00e9ste y su familia en el cual ha de figurar la siguiente informaci\u00f3n: direcci\u00f3n, tipo de vivienda, r\u00e9gimen de tenencia, superficie, habitaciones, condiciones de equipamientos y estado de conservaci\u00f3n.<\/p>\n<\/div>\n<div class=\"back_gris su-column-size-1-2 su-column\">\n<p><strong>Documentaci\u00f3n informe de disponibilidad de vivienda<\/strong><br \/>\n&#8211; Permiso de trabajo y residencia del reagrupante.<br \/>\n\u2013 Documentaci\u00f3n de los familiares con los que convive.<br \/>\n\u2013 Documentaci\u00f3n del reagrupante.<br \/>\n\u2013 Contrato de alquiler.<br \/>\n\u2013 \u00daltimo recibo del alquiler pagado<\/p>\n<\/div>\n<p>&nbsp;<\/p>\n<h4><span style=\"text-decoration: underline;\">Informe de Inserci\u00f3n Social Municipal.<\/span><\/h4>\n<div class=\"back_gris su-column-size-1-2 su-column\">\n<p>Las personas que quieran tramitar la residencia temporal por razones de arraigo deben solicitar un informe expedido por la Corporaci\u00f3n Local del lugar de residencia. Este informe debe manifestar si queda acreditado el arraigo de la persona solicitante en el municipio y debe incluir la siguiente informaci\u00f3n: datos personales, tiempo de permanencia en Espa\u00f1a, medios de vida de los que dispone, grado de conocimiento de las lenguas oficiales, grado de inserci\u00f3n en las redes sociales del  entorno, programas educativos o de formaci\u00f3n laboral en los que haya  participado y otras circunstancias de inter\u00e9s\n<\/p><\/div>\n<div class=\"back_gris su-column-size-1-2 su-column\">\n<p><strong>Documentaci\u00f3n informe de inserci\u00f3n social<\/strong><br \/>\n&#8211; Pasaporte completo.<br \/>\n\u2013 Justificantes que acrediten la permanencia continuada en Espa\u00f1a  durante los \u00faltimos 3 a\u00f1os (preferentemente certificados de empadronamiento).<br \/>\n\u2013 Compromiso de contrataci\u00f3n firmado por el solicitante y el empresario con una duraci\u00f3n m\u00ednima de un a\u00f1o.<br \/>\n\u2013 Certificado bancario indicando el saldo actual y media del \u00faltimo trimestre.<br \/>\n\u2013 Justificantes que acrediten participaci\u00f3n en actividades\/entidades sociales.<br \/>\n\u2013 Justificantes que acrediten la participaci\u00f3n en programas educativos o de formaci\u00f3n laboral del interesado o de los familiares directos.<br \/>\n\u2013 Contrato de alquiler o autorizaci\u00f3n de uso de la vivienda.\n<\/div>\n<h4><span style=\"text-decoration: underline;\">Tarjetas de movilidad reducida<\/span><\/h4>\n<div class=\"back_gris su-column-size-1-2 su-column\">\n<p>Las personas que ostenten la condici\u00f3n legal de minusv\u00e1lidos y que, adem\u00e1s tengan acreditados graves problemas de movilidad, ya que tienen temporalmente o permanentemente limitada la capacidad de desplazarse, podr\u00e1n acceder a la obtenci\u00f3n de una tarjeta de aparcamiento que da derecho a utilizar las plazas de aparcamiento reservadas por los ayuntamientos a personas con movilidad reducida.<\/p>\n<\/div>\n<div class=\"back_gris su-column-size-1-2 su-column\">\n<p><strong>Requisitos<\/strong><br \/>\n\u2013 Estar empadronado en el municipio.<br \/>\n\u2013 Grado de discapacidad del 33% y movilidad reducida de 7 puntos.<\/p>\n<p><strong>Documentaci\u00f3n<\/strong><br \/>\n\u2013 D.N.I. o N.I.E.<br \/>\n\u2013 Acreditaci\u00f3n del grado de discapacidad y de problemas de movilidad mediante un informe emitido por la Direcci\u00f3n General de Atenci\u00f3n a la Dependencia del Govern de les Illes Balears<br \/>\n\u2013 Fotografia del interesado tama\u00f1o carnet<\/p>\n<\/div>\n<p>&nbsp;<\/p>\n<p><strong>APORTAR ORIGINAL Y FOTOCOPIA DE TODOS LOS DOCUMENTOS<\/strong><\/p>\n<p>&nbsp;<\/p>\n<p><strong>ENLACES A:<\/strong><\/p>\n<p class=\"ss-pdf textedit\"><a href=\"http:\/\/boib.caib.es\/pdf\/2009089\/mp5.pdf\" target=\"_blank\" rel=\"noopener\"> Ley 4\/2009, de 11 de junio, de servicios sociales de las Illes Balears<\/a><\/p>\n<p class=\"ss-pdf textedit\"><a href=\"http:\/\/www.boe.es\/boe\/dias\/2006\/12\/15\/pdfs\/A44142-44156.pdf\" target=\"_blank\" rel=\"noopener\"> Ley 39\/2006, de 14 de diciembre, de Promoci\u00f3n de la Autonom\u00eda Personal y Atenci\u00f3n a las personas en situaci\u00f3n de dependencia<\/a><\/p>\n<p class=\"ss-pdf textedit\"><a href=\"http:\/\/www.boe.es\/boe\/dias\/2007\/03\/23\/pdfs\/A12611-12645.pdf\" target=\"_blank\" rel=\"noopener\"> Ley Org\u00e1nica 3\/2007, de 22 de marzo, para la igualdad efectiva de mujeres y hombres<\/a><\/p>\n<div class=\"su-column su-column-size-1-2\">\n<div class=\"su-column-inner\"><\/div>\n<\/div>\n","protected":false},"excerpt":{"rendered":"<p>Servicios Sociales comunitarios b\u00e1sicos \u00bfQUIEN SOMOS? Los servicios sociales comunitarios b\u00e1sicos son el primer nivel de atenci\u00f3n para dar cobertura a las necesidades sociales b\u00e1sicas de la poblaci\u00f3n. Nuestra finalidad es obtener el nivel m\u00e1s alto posible de bienestar social as\u00ed como favorecer el pleno desarrollo de las personas de nuestro municipio. \u00bfQUI\u00c9NES TRABAJAMOS? En [&hellip;]<\/p>\n","protected":false},"author":1,"featured_media":0,"parent":197,"menu_order":0,"comment_status":"closed","ping_status":"open","template":"page-templates\/page-listado1.php","meta":[],"_links":{"self":[{"href":"https:\/\/www.santjosep.org\/es\/wp-json\/wp\/v2\/pages\/207\/"}],"collection":[{"href":"https:\/\/www.santjosep.org\/es\/wp-json\/wp\/v2\/pages\/"}],"about":[{"href":"https:\/\/www.santjosep.org\/es\/wp-json\/wp\/v2\/types\/page\/"}],"author":[{"embeddable":true,"href":"https:\/\/www.santjosep.org\/es\/wp-json\/wp\/v2\/users\/1\/"}],"replies":[{"embeddable":true,"href":"https:\/\/www.santjosep.org\/es\/wp-json\/wp\/v2\/comments\/?post=207"}],"version-history":[{"count":0,"href":"https:\/\/www.santjosep.org\/es\/wp-json\/wp\/v2\/pages\/207\/revisions\/"}],"up":[{"embeddable":true,"href":"https:\/\/www.santjosep.org\/es\/wp-json\/wp\/v2\/pages\/197\/"}],"wp:attachment":[{"href":"https:\/\/www.santjosep.org\/es\/wp-json\/wp\/v2\/media\/?parent=207"}],"curies":[{"name":"wp","href":"https:\/\/api.w.org\/{rel}","templated":true}]}}