{"id":219,"date":"2013-08-29T12:39:37","date_gmt":"2013-08-29T12:39:37","guid":{"rendered":"https:\/\/www.santjosep.org\/?page_id=219"},"modified":"2022-06-16T13:14:27","modified_gmt":"2022-06-16T11:14:27","slug":"plusvalias","status":"publish","type":"page","link":"https:\/\/www.santjosep.org\/es\/tu-municipio\/plusvalias\/","title":{"rendered":"Plusval\u00edas"},"content":{"rendered":"<p><strong>Ordenanza fiscal reguladora del impuesto sobre el incremento de valor de los terrenos de naturaleza urbana<\/strong><\/p>\n<p class=\"ss-pdf textedit\"><a href=\"https:\/\/www.caib.es\/eboibfront\/pdf\/ca\/2022\/75\/1113163\" target=\"_blank\">Enlace al BOIB<\/a><\/p>\n<div class=\"su-divider\"><\/div>\n<div id=\"ultimas_noticias\">\n<h2>\u00daltimas noticias<\/h2>\n<div class=\"cf_lft pt_20\" style=\"width:100%\"><img width=\"167\" height=\"127\" src=\"https:\/\/www.santjosep.org\/wp-content\/uploads\/2026\/04\/Presentacio\u0301-Jornades-Flamenques-2026-167x127.jpeg\" class=\"attachment-thumbnail size-thumbnail wp-post-image\" alt=\"\" loading=\"lazy\" srcset=\"https:\/\/www.santjosep.org\/wp-content\/uploads\/2026\/04\/Presentacio\u0301-Jornades-Flamenques-2026-167x127.jpeg 167w, https:\/\/www.santjosep.org\/wp-content\/uploads\/2026\/04\/Presentacio\u0301-Jornades-Flamenques-2026-45x34.jpeg 45w\" sizes=\"(max-width: 167px) 100vw, 167px\" \/><a href=\"https:\/\/www.santjosep.org\/es\/noticia\/lajuntament-de-sant-josep-de-sa-talaia-presenta-les-v-jornades-flamenques\/\">El Ayuntamiento de Sant Josep de sa Talaia presenta las V Jornadas Flamencas<\/a><\/p>\n<div>29 abril, 2026<\/div>\n<p>Comienzan el d\u00eda 8 y re\u00fanen a los bailaores Manuela Barrios y Santiago Fuentes, los cantaores Jes\u00fas Castilla y Pilar&#8230;<\/p>\n<\/div>\n<div class=\"cf_lft pt_20\" style=\"width:100%\"><img width=\"167\" height=\"127\" src=\"https:\/\/www.santjosep.org\/wp-content\/uploads\/2026\/04\/Can-Jeroni-167x127.jpg\" class=\"attachment-thumbnail size-thumbnail wp-post-image\" alt=\"\" loading=\"lazy\" \/><a href=\"https:\/\/www.santjosep.org\/es\/noticia\/lajuntament-de-sant-josep-de-sa-talaia-obri-convocatoria-per-a-la-programacio-dexposicions-els-anys-2026-2027-als-espais-culturals-municipals\/\">El Ayuntamiento de Sant Josep de sa Talaia abre convocatoria para la programaci\u00f3n de exposiciones en los a\u00f1os 2026-2027 en los espacios culturales municipales<\/a><\/p>\n<div>24 abril, 2026<\/div>\n<p>El Ayuntamiento de Sant Josep de sa Talaia abre convocatoria para la programaci\u00f3n de exposiciones en los a\u00f1os 2026-2027 en&#8230;<\/p>\n<\/div>\n<div class=\"cf_lft pt_20\" style=\"width:100%\"><img width=\"167\" height=\"127\" src=\"https:\/\/www.santjosep.org\/wp-content\/uploads\/2026\/04\/7-167x127.jpeg\" class=\"attachment-thumbnail size-thumbnail wp-post-image\" alt=\"\" loading=\"lazy\" srcset=\"https:\/\/www.santjosep.org\/wp-content\/uploads\/2026\/04\/7-167x127.jpeg 167w, https:\/\/www.santjosep.org\/wp-content\/uploads\/2026\/04\/7-45x34.jpeg 45w\" sizes=\"(max-width: 167px) 100vw, 167px\" \/><a href=\"https:\/\/www.santjosep.org\/es\/noticia\/el-ayuntamiento-de-sant-josep-de-sa-talaia-instala-80-refugios-para-proteger-la-lagartija-pitiusa-en-los-jardines-municipales\/\">El Ayuntamiento de Sant Josep de sa Talaia instala 80 refugios para proteger la lagartija pitiusa en los jardines municipales<\/a><\/p>\n<div>20 abril, 2026<\/div>\n<p>Los refugios han sido elaborados por personas usuarias de la entidad social APFEM<\/p>\n<p>El Ayuntamiento de Sant Josep de sa Talaia&#8230;<\/p>\n<\/div>\n<\/div>\n","protected":false},"excerpt":{"rendered":"<p>Ordenanza fiscal reguladora del impuesto sobre el incremento de valor de los terrenos de naturaleza urbana Enlace al BOIB<\/p>\n","protected":false},"author":1,"featured_media":0,"parent":197,"menu_order":0,"comment_status":"closed","ping_status":"closed","template":"page-templates\/page-two-columns.php","meta":[],"_links":{"self":[{"href":"https:\/\/www.santjosep.org\/es\/wp-json\/wp\/v2\/pages\/219\/"}],"collection":[{"href":"https:\/\/www.santjosep.org\/es\/wp-json\/wp\/v2\/pages\/"}],"about":[{"href":"https:\/\/www.santjosep.org\/es\/wp-json\/wp\/v2\/types\/page\/"}],"author":[{"embeddable":true,"href":"https:\/\/www.santjosep.org\/es\/wp-json\/wp\/v2\/users\/1\/"}],"replies":[{"embeddable":true,"href":"https:\/\/www.santjosep.org\/es\/wp-json\/wp\/v2\/comments\/?post=219"}],"version-history":[{"count":0,"href":"https:\/\/www.santjosep.org\/es\/wp-json\/wp\/v2\/pages\/219\/revisions\/"}],"up":[{"embeddable":true,"href":"https:\/\/www.santjosep.org\/es\/wp-json\/wp\/v2\/pages\/197\/"}],"wp:attachment":[{"href":"https:\/\/www.santjosep.org\/es\/wp-json\/wp\/v2\/media\/?parent=219"}],"curies":[{"name":"wp","href":"https:\/\/api.w.org\/{rel}","templated":true}]}}