{"id":223,"date":"2013-08-29T12:40:08","date_gmt":"2013-08-29T10:40:08","guid":{"rendered":"https:\/\/www.santjosep.org\/?page_id=223"},"modified":"2021-09-23T11:01:58","modified_gmt":"2021-09-23T09:01:58","slug":"urbanismo","status":"publish","type":"page","link":"https:\/\/www.santjosep.org\/es\/tu-municipio\/urbanismo\/","title":{"rendered":"Urbanismo"},"content":{"rendered":"<h2>BANDO \u00a0DE ALCALDIA<\/h2>\n<p><a href=\"https:\/\/www.santjosep.org\/wp-content\/uploads\/2013\/08\/BAN-DALCALDIA-PARALITZACI\u00d3-DOBRES-ESTIU1.pdf\">BANDO DE ALCALDIA DE PARALIZACI\u00d3N DE OBRAS VERANO 2018<\/a><\/p>\n<h2>NNSS Vigentes<\/h2>\n<p>Texto refundido de las NNSS aprobadas definitivamente el 22\/04\/86<\/p>\n<p class=\"ss-pdf textedit\"><a href=\"https:\/\/www.santjosep.org\/wp-content\/uploads\/2013\/08\/nnss-1986-sant-josep.pdf\" target=\"_blank\">BOIB nnss 1986 sant josep<\/a><\/p>\n<p>&nbsp;<\/p>\n<p>Modificaciones puntuales de las NNSS<\/p>\n<p class=\"ss-pdf textedit\"><a href=\"https:\/\/www.santjosep.org\/wp-content\/uploads\/2013\/08\/Modificiacio-Puntual-1-NNSS.pdf\" target=\"_blank\">Modificaci\u00f3n Puntual 1 NNSS<\/a><\/p>\n<p class=\"ss-pdf textedit\"><a href=\"https:\/\/www.santjosep.org\/wp-content\/uploads\/2013\/08\/Modificacio-Puntual-2-NNSS.pdf\" target=\"_blank\">Modificaci\u00f3n Puntual 2 NNSS<\/a><\/p>\n<p><a href=\"https:\/\/www.santjosep.org\/wp-content\/uploads\/2013\/08\/Modificacio\u0301n-puntual-n\u00ba-3-NNSS.pdf\">Modificaci\u00f3n Puntual 3 NNSS<\/a><\/p>\n<p class=\"ss-pdf textedit\"><a href=\"https:\/\/www.santjosep.org\/wp-content\/uploads\/2013\/08\/boib-modificacio\u0301n-puntual-n\u00ba-4-NNSS.pdf\">Modificaci\u00f3n Puntual 4 NNSS<\/a><\/p>\n<p class=\"ss-pdf textedit\"><a href=\"https:\/\/www.santjosep.org\/wp-content\/uploads\/2013\/08\/Aprovaci\u00f3-inicial-Modificaci\u00f3-Puntual-5-NNSS1.pdf\">Aprovaci\u00f3 inicial Modificaci\u00f3 Puntual 5 NNSS<\/a><\/p>\n<p class=\"ss-pdf textedit\"><a href=\"https:\/\/www.santjosep.org\/wp-content\/uploads\/2021\/09\/Modificacio\u0301n-Puntual-n\u00ba.-7-de-las-NNSS_compressed.pdf\">Modificaci\u00f3n Puntual 7 NNSS<\/a><\/p>\n<p>&nbsp;<\/p>\n<h2>Planos de determinaciones en suelo urbano<\/h2>\n<div class=\"su-column su-column-size-1-2\">\n<div class=\"su-column-inner\">\n<p class=\"ss-pdf textedit\"><a href=\"https:\/\/www.santjosep.org\/wp-content\/uploads\/2015\/10\/3.1-Sant-Jordi-est.pdf\">Sant Jordi est<\/a><\/p>\n<p class=\"ss-pdf textedit\"><a href=\"https:\/\/www.santjosep.org\/wp-content\/uploads\/2015\/10\/3.2-Sant-Jordi-Sa-Carroca.pdf\">Sant Jordi &#8211; Sa Carroca<\/a><\/p>\n<p class=\"ss-pdf textedit\"><a href=\"https:\/\/www.santjosep.org\/wp-content\/uploads\/2015\/10\/3.3-Aeroport.pdf\">Aeroport<\/a><\/p>\n<p class=\"ss-pdf textedit\"><a href=\"https:\/\/www.santjosep.org\/wp-content\/uploads\/2015\/10\/3.4-Sant-Francesc.pdf\">Sant Francesc<\/a><\/p>\n<p class=\"ss-pdf textedit\"><a href=\"https:\/\/www.santjosep.org\/wp-content\/uploads\/2015\/10\/3.5-Can-Salines.pdf\">Can Salines<\/a><\/p>\n<p class=\"ss-pdf textedit\"><a href=\"https:\/\/www.santjosep.org\/wp-content\/uploads\/2015\/10\/3.6-La-Revista-Salines.pdf\">La Revista &#8211; Salines<\/a><\/p>\n<p class=\"ss-pdf textedit\"><a href=\"https:\/\/www.santjosep.org\/wp-content\/uploads\/2015\/10\/3.7-La-Canal-Ses-Salines.pdf\">La Canal &#8211; Ses Salines<\/a><\/p>\n<p class=\"ss-pdf textedit\"><a href=\"https:\/\/www.santjosep.org\/wp-content\/uploads\/2015\/10\/3.8-Porroig.pdf\">Porroig<\/a><\/p>\n<p class=\"ss-pdf textedit\"><a href=\"https:\/\/www.santjosep.org\/wp-content\/uploads\/2015\/10\/3.9-Vista-Alegre.pdf\">Vista Alegre<\/a><\/p>\n<p class=\"ss-pdf textedit\"><a href=\"https:\/\/www.santjosep.org\/wp-content\/uploads\/2015\/10\/3.10-Es-Cubells.pdf\">Es Cubells<\/a><\/p>\n<p class=\"ss-pdf textedit\"><a href=\"https:\/\/www.santjosep.org\/wp-content\/uploads\/2015\/10\/3.11-Ses-Serretes-Cala-Vedella.pdf\">Ses Serretes &#8211; Cala Vedella<\/a><\/p>\n<p class=\"ss-pdf textedit\"><a href=\"https:\/\/www.santjosep.org\/wp-content\/uploads\/2015\/10\/3.12-Cala-Vedella.pdf\">Cala Vedella<\/a><\/p>\n<p class=\"ss-pdf textedit\"><a href=\"https:\/\/www.santjosep.org\/wp-content\/uploads\/2015\/10\/3.13-Cala-Vedella-Norte.pdf\">Cala Vedella Norte<\/a><\/p>\n<\/div>\n<\/div>\n<div class=\"su-column su-column-size-1-2\">\n<div class=\"su-column-inner\">\n<p class=\"ss-pdf textedit\"><a href=\"https:\/\/www.santjosep.org\/wp-content\/uploads\/2015\/10\/3.14-Punta-Llosa-Calo-den-Real.pdf\">Punta Llosa &#8211; Calo den Real<\/a><\/p>\n<p class=\"ss-pdf textedit\"><a href=\"https:\/\/www.santjosep.org\/wp-content\/uploads\/2015\/10\/3.15-Cala-Moli.pdf\">Cala Moli<\/a><\/p>\n<p class=\"ss-pdf textedit\"><a href=\"https:\/\/www.santjosep.org\/wp-content\/uploads\/2015\/10\/3.16-Cala-Tarida-Sur.pdf\">Cala Tarida Sur<\/a><\/p>\n<p class=\"ss-pdf textedit\"><a href=\"https:\/\/www.santjosep.org\/wp-content\/uploads\/2015\/10\/3.17-Cala-Tarida.pdf\">Cala Tarida<\/a><\/p>\n<p class=\"ss-pdf textedit\"><a href=\"https:\/\/www.santjosep.org\/wp-content\/uploads\/2015\/10\/3.18-Cala-Coral-interior.pdf\">Cala Corral interior<\/a><\/p>\n<p class=\"ss-pdf textedit\"><a href=\"https:\/\/www.santjosep.org\/wp-content\/uploads\/2015\/10\/3.19-Cala-Corral-Club-Delfin.pdf\">Cala Corral &#8211; Club Delfin<\/a><\/p>\n<p class=\"ss-pdf textedit\"><a href=\"https:\/\/www.santjosep.org\/wp-content\/uploads\/2015\/10\/3.20-Cala-Bassa-Rocas-Malas.pdf\">Cala Bassa &#8211; Rocas Malas<\/a><\/p>\n<p class=\"ss-pdf textedit\"><a href=\"https:\/\/www.santjosep.org\/wp-content\/uploads\/2015\/10\/3.21-Es-Penyal-Port-des-Torrent-Oest.pdf\">Es Penyal Port des Torrent Oest<\/a><\/p>\n<p class=\"ss-pdf textedit\"><a href=\"https:\/\/www.santjosep.org\/wp-content\/uploads\/2015\/10\/3.22-Port-des-Torrent.pdf\">Port des Torrent<\/a><\/p>\n<p class=\"ss-pdf textedit\"><a href=\"https:\/\/www.santjosep.org\/wp-content\/uploads\/2015\/10\/3.23-Cala-de-Bou-Centre.pdf\">Cala de Bou Centre<\/a><\/p>\n<p class=\"ss-pdf textedit\"><a href=\"https:\/\/www.santjosep.org\/wp-content\/uploads\/2015\/10\/3.24-Cala-de-Bou-Est.pdf\">Cala de Bou Est<\/a><\/p>\n<p class=\"ss-pdf textedit\"><a href=\"https:\/\/www.santjosep.org\/wp-content\/uploads\/2015\/10\/3.25-Sant-Agusti.pdf\">Sant Agusti<\/a><\/p>\n<p class=\"ss-pdf textedit\"><a href=\"https:\/\/www.santjosep.org\/wp-content\/uploads\/2015\/10\/3.26-Sant-Josep.pdf\">Sant Josep<\/a><\/p>\n<\/div>\n<\/div>\n<h2>Para m\u00e1s informaci\u00f3n consultar los siguientes enlaces:<\/h2>\n<p><a href=\"http:\/\/muib.caib.es\/mapurbibfront\/visor_index.jsp\" target=\"_blank\">MUIB (Mapa Urban\u00edstic de les Illes Balears)<\/a><\/p>\n<p><a href=\"http:\/\/www.conselldeivissa.es\/portal\/p_20_contenedor1.jsp?seccion=s_fdes_d4_v2.jsp&amp;codbusqueda=262&amp;language=ca&amp;codResi=1&amp;codMenuPN=423&amp;codMenuSN=524&amp;codMenuTN=691&amp;codMenu=726\" target=\"_blank\"> PLAN TERRITORIAL INSULAR<\/a><\/p>\n<p class=\"ss-pdf textedit\"><a href=\"https:\/\/www.santjosep.org\/wp-content\/uploads\/2013\/08\/Ordenaca-reguladora-procediment-atorgament-llicencies-urbanistiques.pdf\">Ordena\u00e7a reguladora procediment atorgament llicencies urbanistiques<\/a><\/p>\n<p class=\"ss-pdf textedit\"><a href=\"https:\/\/www.santjosep.org\/wp-content\/uploads\/2013\/08\/Ordenanca-per-a-la-gestio-de-residus-de-construccio-demolicio.pdf\">Ordenan\u00e7a per a la gestio de residus de construccio demolicio<\/a><\/p>\n","protected":false},"excerpt":{"rendered":"<p>BANDO \u00a0DE ALCALDIA BANDO DE ALCALDIA DE PARALIZACI\u00d3N DE OBRAS VERANO 2018 NNSS Vigentes Texto refundido de las NNSS aprobadas definitivamente el 22\/04\/86 BOIB nnss 1986 sant josep &nbsp; Modificaciones puntuales de las NNSS Modificaci\u00f3n Puntual 1 NNSS Modificaci\u00f3n Puntual 2 NNSS Modificaci\u00f3n Puntual 3 NNSS Modificaci\u00f3n Puntual 4 NNSS Aprovaci\u00f3 inicial Modificaci\u00f3 Puntual 5 [&hellip;]<\/p>\n","protected":false},"author":1,"featured_media":0,"parent":197,"menu_order":0,"comment_status":"closed","ping_status":"closed","template":"","meta":[],"_links":{"self":[{"href":"https:\/\/www.santjosep.org\/es\/wp-json\/wp\/v2\/pages\/223\/"}],"collection":[{"href":"https:\/\/www.santjosep.org\/es\/wp-json\/wp\/v2\/pages\/"}],"about":[{"href":"https:\/\/www.santjosep.org\/es\/wp-json\/wp\/v2\/types\/page\/"}],"author":[{"embeddable":true,"href":"https:\/\/www.santjosep.org\/es\/wp-json\/wp\/v2\/users\/1\/"}],"replies":[{"embeddable":true,"href":"https:\/\/www.santjosep.org\/es\/wp-json\/wp\/v2\/comments\/?post=223"}],"version-history":[{"count":0,"href":"https:\/\/www.santjosep.org\/es\/wp-json\/wp\/v2\/pages\/223\/revisions\/"}],"up":[{"embeddable":true,"href":"https:\/\/www.santjosep.org\/es\/wp-json\/wp\/v2\/pages\/197\/"}],"wp:attachment":[{"href":"https:\/\/www.santjosep.org\/es\/wp-json\/wp\/v2\/media\/?parent=223"}],"curies":[{"name":"wp","href":"https:\/\/api.w.org\/{rel}","templated":true}]}}