{"id":4124,"date":"2013-12-03T12:49:33","date_gmt":"2013-12-03T12:49:33","guid":{"rendered":"https:\/\/www.santjosep.org\/?page_id=4124"},"modified":"2015-07-31T08:20:18","modified_gmt":"2015-07-31T08:20:18","slug":"festes-de-nadal-sant-josep-2013","status":"publish","type":"page","link":"https:\/\/www.santjosep.org\/es\/festes-de-nadal-sant-josep-2013\/","title":{"rendered":"Festes de Nadal Sant Josep 2013"},"content":{"rendered":"<p><a href=\"https:\/\/www.santjosep.org\/wp-content\/uploads\/2013\/12\/banner_nadal.jpg\"><img loading=\"lazy\" class=\"alignnone size-full wp-image-4123\" alt=\"banner_nadal\" src=\"https:\/\/www.santjosep.org\/wp-content\/uploads\/2013\/12\/banner_nadal.jpg\" width=\"620\" height=\"273\" srcset=\"https:\/\/www.santjosep.org\/wp-content\/uploads\/2013\/12\/banner_nadal.jpg 620w, https:\/\/www.santjosep.org\/wp-content\/uploads\/2013\/12\/banner_nadal-342x150.jpg 342w, https:\/\/www.santjosep.org\/wp-content\/uploads\/2013\/12\/banner_nadal-45x19.jpg 45w\" sizes=\"(max-width: 620px) 100vw, 620px\" \/><\/a><\/p>\n<p>Celebramos un a\u00f1o m\u00e1s las fiestas de Navidad, las fiestas m\u00e1s familiares de todo el a\u00f1o por eso desde el Ayuntamiento, con la colaboraci\u00f3n de las asociaciones del municipio, hemos preparado un programa de actos con actividades para todas las edades.<\/p>\n<p>Un programa con muchas novedades como el DIVERNADAL, el concurso de balcones, entradas y porches o el Barret\u2019s Festival.<\/p>\n<p>Se trata de ofrecer la oportunidad de pasar tiempo juntos, pero no s\u00f3lo con la familia, tambi\u00e9n con los amigos y con nuestros vecinos, aquellos que est\u00e1n m\u00e1s cerca y a los que acudimos en nuestro d\u00eda a d\u00eda.<\/p>\n<p>Este es un buen momento para conocernos mejor y para hacer prop\u00f3sitos que permitan a Sant Josep continuar siendo uno de los municipios m\u00e1s pr\u00f3speros de la isla.<\/p>\n<p>Sant Josep, Sant Agust\u00edn, Cala de Bou, Es Cubells, Sant Francecs y Sant Jordi son poblaciones distintas pero unidas por la bondad y la sabidur\u00eda de sus habitantes que saben defender sus particularidades sin renunciar a su historia conjunta.<\/p>\n<p>Nuestro car\u00e1cter es uno de nuestros mayores valores y har\u00e1 que 2014 sea un a\u00f1o lleno de buenas noticias para todos.<\/p>\n<p>Os deseo en estos d\u00edas paz, amor y felicidad que son los verdaderos regalos de la Navidad.<\/p>\n<p>Molts anys i bons!<\/p>\n<p><strong>Neus Mar\u00ed<\/strong><br \/>\nAlcaldesa de Sant Josep de sa Talaia.<\/p>\n<p>&nbsp;<\/p>\n<p class=\"ss-pdf pdfbig\"><a href=\"https:\/\/www.santjosep.org\/wp-content\/uploads\/2013\/12\/SANT-JOSEP-navidad-CAS.pdf\">Descarga el programa de Fiestas de Navidad<\/a><\/p>\n<p>&nbsp;<\/p>\n<p><a href=\"https:\/\/www.santjosep.org\/wp-content\/uploads\/2013\/12\/SANT-JOSEP-navidad-CAS-1.jpg\"><img loading=\"lazy\" class=\"alignnone size-full wp-image-4191\" alt=\"SANT-JOSEP-navidad-CAS-1\" src=\"https:\/\/www.santjosep.org\/wp-content\/uploads\/2013\/12\/SANT-JOSEP-navidad-CAS-1.jpg\" width=\"650\" height=\"650\" srcset=\"https:\/\/www.santjosep.org\/wp-content\/uploads\/2013\/12\/SANT-JOSEP-navidad-CAS-1.jpg 650w, https:\/\/www.santjosep.org\/wp-content\/uploads\/2013\/12\/SANT-JOSEP-navidad-CAS-1-260x260.jpg 260w, https:\/\/www.santjosep.org\/wp-content\/uploads\/2013\/12\/SANT-JOSEP-navidad-CAS-1-608x608.jpg 608w, https:\/\/www.santjosep.org\/wp-content\/uploads\/2013\/12\/SANT-JOSEP-navidad-CAS-1-45x45.jpg 45w, https:\/\/www.santjosep.org\/wp-content\/uploads\/2013\/12\/SANT-JOSEP-navidad-CAS-1-624x624.jpg 624w\" sizes=\"(max-width: 650px) 100vw, 650px\" \/><\/a><\/p>\n","protected":false},"excerpt":{"rendered":"<p>Celebramos un a\u00f1o m\u00e1s las fiestas de Navidad, las fiestas m\u00e1s familiares de todo el a\u00f1o por eso desde el Ayuntamiento, con la colaboraci\u00f3n de las asociaciones del municipio, hemos preparado un programa de actos con actividades para todas las edades. Un programa con muchas novedades como el DIVERNADAL, el concurso de balcones, entradas y [&hellip;]<\/p>\n","protected":false},"author":1,"featured_media":0,"parent":0,"menu_order":0,"comment_status":"closed","ping_status":"closed","template":"","meta":[],"_links":{"self":[{"href":"https:\/\/www.santjosep.org\/es\/wp-json\/wp\/v2\/pages\/4124\/"}],"collection":[{"href":"https:\/\/www.santjosep.org\/es\/wp-json\/wp\/v2\/pages\/"}],"about":[{"href":"https:\/\/www.santjosep.org\/es\/wp-json\/wp\/v2\/types\/page\/"}],"author":[{"embeddable":true,"href":"https:\/\/www.santjosep.org\/es\/wp-json\/wp\/v2\/users\/1\/"}],"replies":[{"embeddable":true,"href":"https:\/\/www.santjosep.org\/es\/wp-json\/wp\/v2\/comments\/?post=4124"}],"version-history":[{"count":0,"href":"https:\/\/www.santjosep.org\/es\/wp-json\/wp\/v2\/pages\/4124\/revisions\/"}],"wp:attachment":[{"href":"https:\/\/www.santjosep.org\/es\/wp-json\/wp\/v2\/media\/?parent=4124"}],"curies":[{"name":"wp","href":"https:\/\/api.w.org\/{rel}","templated":true}]}}