{"id":5,"date":"2013-07-23T14:58:13","date_gmt":"2013-07-23T14:58:13","guid":{"rendered":"https:\/\/www.santjosep.org\/?page_id=5"},"modified":"2015-07-31T08:19:57","modified_gmt":"2015-07-31T08:19:57","slug":"tu-ayuntamiento","status":"publish","type":"page","link":"https:\/\/www.santjosep.org\/es\/tu-ayuntamiento\/","title":{"rendered":"Tu ayuntamiento"},"content":{"rendered":"<p><span style=\"line-height: 1.714285714; font-size: 1rem;\"><\/p>\n<div class=\"su-column su-column-size-1-2\">\n<div class=\"su-column-inner\"><\/span><\/p>\n<h1><a href=\"https:\/\/www.santjosep.org\/es\/tu-ayuntamiento\/la-alcaldia\/\">La Alcald\u00eda<\/a><\/h1>\n<h1><a title=\"plenos\" href=\"https:\/\/www.santjosep.org\/es\/tu-ayuntamiento\/plenos\/\">Plenos<\/a><\/h1>\n<h1><a title=\"Equipo de gobierno\" href=\"https:\/\/www.santjosep.org\/es\/tu-ayuntamiento\/equipo-de-gobierno\/\">Equipo de gobierno<\/a><\/h1>\n<h1><a title=\"Corporaci\u00f3n Municipal\" href=\"https:\/\/www.santjosep.org\/es\/tu-ayuntamiento\/corporacion-municipal\/\">Corporaci\u00f3n Municipal<\/a><\/h1>\n<p><span style=\"line-height: 1.714285714; font-size: 1rem;\"><\/div>\n<\/div>\n<p><\/span><\/p>\n<div class=\"su-column su-column-size-1-2\">\n<div class=\"su-column-inner\">\n<h1><a title=\"Comunicaci\u00f3n\" href=\"https:\/\/www.santjosep.org\/es\/tu-ayuntamiento\/comunicacion\/\">Comunicaci\u00f3n<\/a><\/h1>\n<h1><a title=\"Oferta p\u00fablica de ocupaci\u00f3n\" href=\"https:\/\/www.santjosep.org\/es\/tu-ayuntamiento\/oferta-publica-de-ocupacion\/\">Oferta p\u00fablica de ocupaci\u00f3n<\/a><\/h1>\n<h1><a title=\"Normativa\" href=\"https:\/\/www.santjosep.org\/es\/tu-ayuntamiento\/normativa\/\">Normativa<\/a><\/h1>\n<h1><a title=\"Actas de juntas\" href=\"https:\/\/www.santjosep.org\/es\/tu-ayuntamiento\/actas-de-juntas\/\">Actas de juntas<\/a><\/h1>\n<\/div>\n<\/div>\n<div class=\"su-divider\"><\/div>\n<div id=\"ultimas_noticias\">\n<h2>\u00daltimas noticias<\/h2>\n<div class=\"cf_lft pt_20\" style=\"width:100%\"><img width=\"167\" height=\"127\" src=\"https:\/\/www.santjosep.org\/wp-content\/uploads\/2026\/04\/Presentacio\u0301-Jornades-Flamenques-2026-167x127.jpeg\" class=\"attachment-thumbnail size-thumbnail wp-post-image\" alt=\"\" loading=\"lazy\" srcset=\"https:\/\/www.santjosep.org\/wp-content\/uploads\/2026\/04\/Presentacio\u0301-Jornades-Flamenques-2026-167x127.jpeg 167w, https:\/\/www.santjosep.org\/wp-content\/uploads\/2026\/04\/Presentacio\u0301-Jornades-Flamenques-2026-45x34.jpeg 45w\" sizes=\"(max-width: 167px) 100vw, 167px\" \/><a href=\"https:\/\/www.santjosep.org\/es\/noticia\/lajuntament-de-sant-josep-de-sa-talaia-presenta-les-v-jornades-flamenques\/\">El Ayuntamiento de Sant Josep de sa Talaia presenta las V Jornadas Flamencas<\/a><\/p>\n<div>29 abril, 2026<\/div>\n<p>Comienzan el d\u00eda 8 y re\u00fanen a los bailaores Manuela Barrios y Santiago Fuentes, los cantaores Jes\u00fas Castilla y Pilar&#8230;<\/p>\n<\/div>\n<div class=\"cf_lft pt_20\" style=\"width:100%\"><img width=\"167\" height=\"127\" src=\"https:\/\/www.santjosep.org\/wp-content\/uploads\/2026\/04\/Can-Jeroni-167x127.jpg\" class=\"attachment-thumbnail size-thumbnail wp-post-image\" alt=\"\" loading=\"lazy\" \/><a href=\"https:\/\/www.santjosep.org\/es\/noticia\/lajuntament-de-sant-josep-de-sa-talaia-obri-convocatoria-per-a-la-programacio-dexposicions-els-anys-2026-2027-als-espais-culturals-municipals\/\">El Ayuntamiento de Sant Josep de sa Talaia abre convocatoria para la programaci\u00f3n de exposiciones en los a\u00f1os 2026-2027 en los espacios culturales municipales<\/a><\/p>\n<div>24 abril, 2026<\/div>\n<p>El Ayuntamiento de Sant Josep de sa Talaia abre convocatoria para la programaci\u00f3n de exposiciones en los a\u00f1os 2026-2027 en&#8230;<\/p>\n<\/div>\n<div class=\"cf_lft pt_20\" style=\"width:100%\"><img width=\"167\" height=\"127\" src=\"https:\/\/www.santjosep.org\/wp-content\/uploads\/2026\/04\/7-167x127.jpeg\" class=\"attachment-thumbnail size-thumbnail wp-post-image\" alt=\"\" loading=\"lazy\" srcset=\"https:\/\/www.santjosep.org\/wp-content\/uploads\/2026\/04\/7-167x127.jpeg 167w, https:\/\/www.santjosep.org\/wp-content\/uploads\/2026\/04\/7-45x34.jpeg 45w\" sizes=\"(max-width: 167px) 100vw, 167px\" \/><a href=\"https:\/\/www.santjosep.org\/es\/noticia\/el-ayuntamiento-de-sant-josep-de-sa-talaia-instala-80-refugios-para-proteger-la-lagartija-pitiusa-en-los-jardines-municipales\/\">El Ayuntamiento de Sant Josep de sa Talaia instala 80 refugios para proteger la lagartija pitiusa en los jardines municipales<\/a><\/p>\n<div>20 abril, 2026<\/div>\n<p>Los refugios han sido elaborados por personas usuarias de la entidad social APFEM<\/p>\n<p>El Ayuntamiento de Sant Josep de sa Talaia&#8230;<\/p>\n<\/div>\n<\/div>\n","protected":false},"excerpt":{"rendered":"","protected":false},"author":1,"featured_media":0,"parent":0,"menu_order":0,"comment_status":"closed","ping_status":"open","template":"page-templates\/page-two-columns.php","meta":[],"_links":{"self":[{"href":"https:\/\/www.santjosep.org\/es\/wp-json\/wp\/v2\/pages\/5\/"}],"collection":[{"href":"https:\/\/www.santjosep.org\/es\/wp-json\/wp\/v2\/pages\/"}],"about":[{"href":"https:\/\/www.santjosep.org\/es\/wp-json\/wp\/v2\/types\/page\/"}],"author":[{"embeddable":true,"href":"https:\/\/www.santjosep.org\/es\/wp-json\/wp\/v2\/users\/1\/"}],"replies":[{"embeddable":true,"href":"https:\/\/www.santjosep.org\/es\/wp-json\/wp\/v2\/comments\/?post=5"}],"version-history":[{"count":0,"href":"https:\/\/www.santjosep.org\/es\/wp-json\/wp\/v2\/pages\/5\/revisions\/"}],"wp:attachment":[{"href":"https:\/\/www.santjosep.org\/es\/wp-json\/wp\/v2\/media\/?parent=5"}],"curies":[{"name":"wp","href":"https:\/\/api.w.org\/{rel}","templated":true}]}}